{"id":1535,"date":"2019-07-29T10:24:45","date_gmt":"2019-07-29T13:24:45","guid":{"rendered":"http:\/\/cefa.agro.uba.ar\/?page_id=1535"},"modified":"2019-07-29T10:24:45","modified_gmt":"2019-07-29T13:24:45","slug":"publicaciones-por-cultivo-mani","status":"publish","type":"page","link":"https:\/\/cefa.agro.uba.ar\/en\/publicaciones-por-cultivo-mani\/","title":{"rendered":"Publicaciones por cultivo: Man\u00ed"},"content":{"rendered":"<h1 style=\"color: #75b548;\">Peanuts<\/h1>\r\n<div style='display:none;'><\/div>\r\n<div style='float:left; width:25%; padding-left:10px;'><font color=\"silver\" size=\"3\">Summary in congress | <\/font><\/div>\r\n<div style='float:left; width:75%'>\r\n\t\r\n<p style=\"text-align: justify;\">Bisonard E.M., Caz\u00f3n I., Oddino C., Edwards Molina J., March G., Rago A. (2013). Sensibilidad<em> in vitro<\/em> de <em>Cercosporidium personatum<\/em> frente a fungicidas utilizados para el control de la viruela del man\u00ed. En: XXVIII Jornada Nacional del Man\u00ed, Gral. Cabrera, C\u00f3rdoba, pp 54-56.<\/p>\n\r\n\r\n\r\n  \r\n  \r\n<a id=\"publi\" href=\"http:\/\/www.ciacabrera.com.ar\/docs\/JORNADA%2028\/21-%20BISONARD.pdf\" target=\"_blank\" rel=\"noopener noreferrer\"><i class=\"fa fa-file-text\" aria-hidden=\"true\"><\/i> Publicaci\u00f3n en PDF<\/a>\r\n\r\n      \r\n\t<hr>\r\n\r\n\t<\/div><div style='display:none;'><\/div>\r\n<div style='float:left; width:25%; padding-left:10px;'><font color=\"silver\" size=\"3\">Summary in congress | <\/font><\/div>\r\n<div style='float:left; width:75%'>\r\n\t\r\n<p style=\"text-align: justify;\">Bisonard E.M., Caz\u00f3n L.I., Oddino C., Edwards Molina J.P., March G., Paredes J.A., Rago A.M. (2014). Reacci\u00f3n de <em>Cercosporidium personatum<\/em> frente a fungicidas <em>in vitro<\/em>. En: Libro de Res\u00famenes del 3\u00ba Congreso Argentino de Fitopatolog\u00eda, p327.<\/p>\n\r\n\r\n\r\n  \r\n  \r\n<a id=\"publi\" href=\"http:\/\/aafitopatologos.com.ar\/media\/secciones\/241_desc.pdf?05a317\" target=\"_blank\" rel=\"noopener noreferrer\"><i class=\"fa fa-file-text\" aria-hidden=\"true\"><\/i> Publicaci\u00f3n en PDF<\/a>\r\n\r\n      \r\n\t<hr>\r\n\r\n\t<\/div><div style='display:none;'><\/div>\r\n<div style='float:left; width:25%; padding-left:10px;'><font color=\"silver\" size=\"3\">Summary in congress | <\/font><\/div>\r\n<div style='float:left; width:75%'>\r\n\t\r\n<p style=\"text-align: justify;\">March G.J., Oddino C.M., Garc\u00eda J., Marinelli A.D., Rago A. (2011). Disminuci\u00f3n de la eficiencia de fungicidas en el control de la viruela del man\u00ed seg\u00fan severidad de la enfermedad. En: XXVI Jornada Nacional del Man\u00ed, Gral. Cabrera, C\u00f3rdoba. pp 23-24.<\/p>\n\r\n\r\n\r\n  \r\n  \r\n      \r\n\t<hr>\r\n\r\n\t<\/div><div style='display:none;'><\/div>\r\n<div style='float:left; width:25%; padding-left:10px;'><font color=\"silver\" size=\"3\">Summary in congress | <\/font><\/div>\r\n<div style='float:left; width:75%'>\r\n\t\r\n<p style=\"text-align: justify;\">Monguillot J.H, Lima N.B., Paredes J.A., Giordano F., Oddino C., Carmona M., Conforto C. (2021). Inhibici\u00f3n de la biomasa: un m\u00e9todo para evaluar la sensibilidad a fungicidas en aislamientos de <em>Nothopassalora personata. <\/em>En: 5\u00ba Congreso Argentino de Fitopatolog\u00eda, 59th Meeting of the APS Caribbean Division, 22 y 23 de septiembre de 2021 (modalidad virtual).<\/p>\n\r\n\r\n\r\n  \r\n<a id=\"publi\" href=\"https:\/\/drive.google.com\/file\/d\/1CEX4blo4xleAtxrclNNGvfT4XiwHqgT4\/view\" target=\"_blank\" rel=\"noopener noreferrer\"><i class=\"fa fa-external-link-square\" aria-hidden=\"true\"><\/i> On-line publication<\/a>&nbsp;&nbsp; \r\n  \r\n      \r\n\t<hr>\r\n\r\n\t<\/div><div style='display:none;'><\/div>\r\n<div style='float:left; width:25%; padding-left:10px;'><font color=\"silver\" size=\"3\">Tesis posgrado | <\/font><\/div>\r\n<div style='float:left; width:75%'>\r\n\t\r\n<p style=\"text-align: justify;\">Monguillot, J.H. &#8216;Caracterizaci\u00f3n de la sensibilidad\/resistencia de aislados <em>de Nothopassalora personata <\/em>a fungicidas como base para un manejo qu\u00edmico sustentable de la viruela del man\u00ed&#8217;. Tesis Doctoral en marcha. Directora: Dra. Cintia Conforto, Co-Director: Marcelo Carmona. EPG-FAUBA.<\/p>\n\r\n\r\n\r\n  \r\n  \r\n      \r\n\t<hr>\r\n\r\n\t<\/div><div style='display:none;'><\/div>\r\n<div style='float:left; width:25%; padding-left:10px;'><font color=\"silver\" size=\"3\">Summary in congress | <\/font><\/div>\r\n<div style='float:left; width:75%'>\r\n\t\r\n<p style=\"text-align: justify;\">Oddino C., Paredes J.A., Faggio P., Caz\u00f3n L.I., Bisonard M., Rago A., Giuggia, J. (2016). Resistencia de <em>Cercosporidium personatum<\/em>: Avances en la evaluaci\u00f3n <em>in vitro<\/em> de la eficiencia de diferentes grupos qu\u00edmicos en poblaciones del pat\u00f3geno de distintos or\u00edgenes. En: XXXI Jornada Nacional del Man\u00ed, 22 de septiembre del 2016, Gral. Cabrera, C\u00f3rdoba. pp 45-46.<\/p>\n\r\n\r\n\r\n  \r\n  \r\n<a id=\"publi\" href=\"http:\/\/www.ciacabrera.com.ar\/docs\/JORNADA%2031\/17-Oddino%20et%20al.%20- %20Sensibilidad%20cercosporidium.pdf\" target=\"_blank\" rel=\"noopener noreferrer\"><i class=\"fa fa-file-text\" aria-hidden=\"true\"><\/i> Publicaci\u00f3n en PDF<\/a>\r\n\r\n      \r\n\t<hr>\r\n\r\n\t<\/div><div style='display:none;'><\/div>\r\n<div style='float:left; width:25%; padding-left:10px;'><font color=\"silver\" size=\"3\">Summary in congress | <\/font><\/div>\r\n<div style='float:left; width:75%'>\r\n\t\r\n<p style=\"text-align: justify;\">Paredes J.A., Caz\u00f3n L.I., Bisonard M., Rago A., Oddino C. (2016). Sensibilidad <em>in vitro<\/em> de <em>Thecaphora frezii<\/em> a ingredientes activos de fungicidas y su correlaci\u00f3n con ensayos en condiciones semicontroladas. En: XXXI Jornada Nacional del Man\u00ed, 22 de septiembre, Gral. Cabrera, C\u00f3rdoba. pp 60-61.<\/p>\n\r\n\r\n\r\n  \r\n  \r\n<a id=\"publi\" href=\"http:\/\/www.ciacabrera.com.ar\/docs\/JORNADA%2031\/23- Paredes,%20J.A1.pdf;%20Caz%C3%B3n,%20L.I.1.pdf;%20Bisonard,%20E.M.2.pdf;%20 Rago,%20A.M.1,3.pdf;%20Oddino,%20C.3-%20Sensibilidad%20in%20vitro.pdf \" target=\"_blank\" rel=\"noopener noreferrer\"><i class=\"fa fa-file-text\" aria-hidden=\"true\"><\/i> Publicaci\u00f3n en PDF<\/a>\r\n\r\n      \r\n\t<hr>\r\n\r\n\t<\/div>","protected":false},"excerpt":{"rendered":"<p class=\"first-child\"><span title=\"M\" class=\"cv-drop-cap\">M<\/span>an\u00ed<\/p>","protected":false},"author":5,"featured_media":0,"parent":0,"menu_order":0,"comment_status":"closed","ping_status":"closed","template":"","meta":{"footnotes":""},"class_list":["post-1535","page","type-page","status-publish","hentry"],"_links":{"self":[{"href":"https:\/\/cefa.agro.uba.ar\/en\/wp-json\/wp\/v2\/pages\/1535","targetHints":{"allow":["GET"]}}],"collection":[{"href":"https:\/\/cefa.agro.uba.ar\/en\/wp-json\/wp\/v2\/pages"}],"about":[{"href":"https:\/\/cefa.agro.uba.ar\/en\/wp-json\/wp\/v2\/types\/page"}],"author":[{"embeddable":true,"href":"https:\/\/cefa.agro.uba.ar\/en\/wp-json\/wp\/v2\/users\/5"}],"replies":[{"embeddable":true,"href":"https:\/\/cefa.agro.uba.ar\/en\/wp-json\/wp\/v2\/comments?post=1535"}],"version-history":[{"count":0,"href":"https:\/\/cefa.agro.uba.ar\/en\/wp-json\/wp\/v2\/pages\/1535\/revisions"}],"wp:attachment":[{"href":"https:\/\/cefa.agro.uba.ar\/en\/wp-json\/wp\/v2\/media?parent=1535"}],"curies":[{"name":"wp","href":"https:\/\/api.w.org\/{rel}","templated":true}]}}